{"id":4894,"date":"2021-04-22T15:20:19","date_gmt":"2021-04-22T13:20:19","guid":{"rendered":"https:\/\/www.reper-fr.ch\/privatpersonen\/bevoelkerung\/gemeinnuetzige-projekte\/les-chaises-longues\/"},"modified":"2023-08-24T15:21:46","modified_gmt":"2023-08-24T13:21:46","slug":"die-liegestuehle","status":"publish","type":"page","link":"https:\/\/www.reper-fr.ch\/de\/privatpersonen\/bevoelkerung\/gemeinnuetzige-projekte\/die-liegestuehle\/","title":{"rendered":"Die Liegest\u00fchle"},"content":{"rendered":"<div id='av-layout-grid-1'  class='av-layout-grid-container av-2lavoh-592e28f087f3eac28fbd15998972d2ec entry-content-wrapper main_color av-flex-cells  avia-builder-el-0  el_before_av_layout_row  avia-builder-el-first  av-small-hide av-mini-hide container_wrap fullsize'  >\n\n<style type=\"text\/css\" data-created_by=\"avia_inline_auto\" id=\"style-css-av-ktit5tfp-c3b234bd68c1b37fbebd15ff79b7cc27\">\n.flex_cell.av-ktit5tfp-c3b234bd68c1b37fbebd15ff79b7cc27{\nvertical-align:bottom;\nheight:460px;\nmin-height:460px;\nbackground:url(https:\/\/www.reper-fr.ch\/wp-content\/uploads\/2021\/09\/RR-Les-Chaises-Longues-image-1030x571.jpeg) 50% 0% no-repeat scroll ;\n}\n.responsive #top #wrap_all .flex_cell.av-ktit5tfp-c3b234bd68c1b37fbebd15ff79b7cc27{\npadding:200px 0px 200px 0px !important;\n}\n<\/style>\n<div class='flex_cell av-ktit5tfp-c3b234bd68c1b37fbebd15ff79b7cc27 av-gridrow-cell av_two_fifth no_margin  avia-builder-el-1  el_before_av_cell_three_fifth  avia-builder-el-first  content-align-bottom avia-full-stretch'  ><div class='flex_cell_inner'><\/div><\/div>\n<style type=\"text\/css\" data-created_by=\"avia_inline_auto\" id=\"style-css-av-nhz2n5-eb697d6df5ac7df66afb6b746dc7e094\">\n.flex_cell.av-nhz2n5-eb697d6df5ac7df66afb6b746dc7e094{\nvertical-align:bottom;\nheight:460px;\nmin-height:460px;\nbackground-color:#a40528;\n}\n.responsive #top #wrap_all .flex_cell.av-nhz2n5-eb697d6df5ac7df66afb6b746dc7e094{\npadding:50px 0px 20px 40px !important;\n}\n<\/style>\n<div class='flex_cell av-nhz2n5-eb697d6df5ac7df66afb6b746dc7e094 av-gridrow-cell av_three_fifth no_margin  avia-builder-el-2  el_after_av_cell_two_fifth  avia-builder-el-last  content-align-bottom avia-full-stretch'  ><div class='flex_cell_inner'>\n<style type=\"text\/css\" data-created_by=\"avia_inline_auto\" id=\"style-css-av-mzws5d-622019706f9b3beb5420eb5bbd7422f4\">\n.flex_column.av-mzws5d-622019706f9b3beb5420eb5bbd7422f4{\nborder-radius:0px 0px 0px 0px;\npadding:0px 0px 0px 0px;\n}\n<\/style>\n<div  class='flex_column av-mzws5d-622019706f9b3beb5420eb5bbd7422f4 av_three_fourth  avia-builder-el-3  avia-builder-el-no-sibling  first flex_column_div av-zero-column-padding  '     ><style type=\"text\/css\" data-created_by=\"avia_inline_auto\" id=\"style-css-av-ktisz6tg-7f79b7c6062907db814dbaf94f3e9258\">\n#top .av-special-heading.av-ktisz6tg-7f79b7c6062907db814dbaf94f3e9258{\nmargin:0 0 0 -10px;\npadding-bottom:10px;\ncolor:#ffffff;\n}\nbody .av-special-heading.av-ktisz6tg-7f79b7c6062907db814dbaf94f3e9258 .av-special-heading-tag .heading-char{\nfont-size:25px;\n}\n.av-special-heading.av-ktisz6tg-7f79b7c6062907db814dbaf94f3e9258 .special-heading-inner-border{\nborder-color:#ffffff;\n}\n.av-special-heading.av-ktisz6tg-7f79b7c6062907db814dbaf94f3e9258 .av-subheading{\nfont-size:15px;\n}\n<\/style>\n<div  class='av-special-heading av-ktisz6tg-7f79b7c6062907db814dbaf94f3e9258 av-special-heading-h1 custom-color-heading blockquote modern-quote  avia-builder-el-4  avia-builder-el-no-sibling '><h1 class='av-special-heading-tag '  itemprop=\"headline\"  >Die Liegest\u00fchle<\/h1><div class=\"special-heading-border\"><div class=\"special-heading-inner-border\"><\/div><\/div><\/div><\/div>\n<\/div><\/div>\n<\/div>\n<div id='av-layout-grid-2'  class='av-layout-grid-container av-kbmk75-ea1f5ba1481d90f940373775b8a8e23b entry-content-wrapper main_color av-flex-cells  avia-builder-el-5  el_after_av_layout_row  el_before_av_layout_row  grid-row-not-first av-desktop-hide av-medium-hide container_wrap fullsize'  >\n\n<style type=\"text\/css\" data-created_by=\"avia_inline_auto\" id=\"style-css-av-ktit69f3-8bd5f466cd947efc8afa5c1d8b830b18\">\n.flex_cell.av-ktit69f3-8bd5f466cd947efc8afa5c1d8b830b18{\nvertical-align:bottom;\nheight:180px;\nmin-height:180px;\nbackground:url(https:\/\/www.reper-fr.ch\/wp-content\/uploads\/2021\/09\/RR-Les-Chaises-Longues-image-1030x571.jpeg) 50% 0% no-repeat scroll ;\n}\n.responsive #top #wrap_all .flex_cell.av-ktit69f3-8bd5f466cd947efc8afa5c1d8b830b18{\npadding:200px 0px 200px 0px !important;\n}\n<\/style>\n<div class='flex_cell av-ktit69f3-8bd5f466cd947efc8afa5c1d8b830b18 av-gridrow-cell av_two_fifth no_margin  avia-builder-el-6  el_before_av_cell_three_fifth  avia-builder-el-first  content-align-bottom avia-full-stretch'  ><div class='flex_cell_inner'><\/div><\/div>\n<style type=\"text\/css\" data-created_by=\"avia_inline_auto\" id=\"style-css-av-is0gkx-665d11c42d44a6c95f2480c176d59ee8\">\n.flex_cell.av-is0gkx-665d11c42d44a6c95f2480c176d59ee8{\nvertical-align:bottom;\nheight:180px;\nmin-height:180px;\nbackground-color:#a40528;\n}\n.responsive #top #wrap_all .flex_cell.av-is0gkx-665d11c42d44a6c95f2480c176d59ee8{\npadding:50px 0px 20px 40px !important;\n}\n<\/style>\n<div class='flex_cell av-is0gkx-665d11c42d44a6c95f2480c176d59ee8 av-gridrow-cell av_three_fifth no_margin  avia-builder-el-7  el_after_av_cell_two_fifth  avia-builder-el-last  content-align-bottom avia-full-stretch'  ><div class='flex_cell_inner'>\n<style type=\"text\/css\" data-created_by=\"avia_inline_auto\" id=\"style-css-av-gsiatt-3966e12def7b87166ab6d6078595e495\">\n.flex_column.av-gsiatt-3966e12def7b87166ab6d6078595e495{\nborder-radius:0px 0px 0px 0px;\npadding:0px 0px 0px 0px;\n}\n<\/style>\n<div  class='flex_column av-gsiatt-3966e12def7b87166ab6d6078595e495 av_three_fourth  avia-builder-el-8  avia-builder-el-no-sibling  first flex_column_div av-zero-column-padding  '     ><style type=\"text\/css\" data-created_by=\"avia_inline_auto\" id=\"style-css-av-ktiszg92-1ec570d31e9caea83fd14965b33a343c\">\n#top .av-special-heading.av-ktiszg92-1ec570d31e9caea83fd14965b33a343c{\npadding-bottom:10px;\ncolor:#ffffff;\n}\nbody .av-special-heading.av-ktiszg92-1ec570d31e9caea83fd14965b33a343c .av-special-heading-tag .heading-char{\nfont-size:25px;\n}\n.av-special-heading.av-ktiszg92-1ec570d31e9caea83fd14965b33a343c .special-heading-inner-border{\nborder-color:#ffffff;\n}\n.av-special-heading.av-ktiszg92-1ec570d31e9caea83fd14965b33a343c .av-subheading{\nfont-size:15px;\n}\n<\/style>\n<div  class='av-special-heading av-ktiszg92-1ec570d31e9caea83fd14965b33a343c av-special-heading-h1 custom-color-heading blockquote modern-quote  avia-builder-el-9  avia-builder-el-no-sibling '><h1 class='av-special-heading-tag '  itemprop=\"headline\"  >Die Liegest\u00fchle<\/h1><div class=\"special-heading-border\"><div class=\"special-heading-inner-border\"><\/div><\/div><\/div><\/div>\n<\/div><\/div>\n<\/div>\n<div id='av-layout-grid-3'  class='av-layout-grid-container av-1jla81-6fafdaac0dcba9d55ebcb5e57a90e019 entry-content-wrapper main_color av-flex-cells  avia-builder-el-10  el_after_av_layout_row  avia-builder-el-last  grid-row-not-first  container_wrap fullsize'  >\n\n<style type=\"text\/css\" data-created_by=\"avia_inline_auto\" id=\"style-css-av-dvkngh-5c6e7d713f90823f53cccb36eb314411\">\n.flex_cell.av-dvkngh-5c6e7d713f90823f53cccb36eb314411{\nvertical-align:top;\n}\n.responsive #top #wrap_all .flex_cell.av-dvkngh-5c6e7d713f90823f53cccb36eb314411{\npadding:40px 30px 30px 150px !important;\n}\n<\/style>\n<div class='flex_cell av-dvkngh-5c6e7d713f90823f53cccb36eb314411 av-gridrow-cell av_two_fifth no_margin  avia-builder-el-11  el_before_av_cell_three_fifth  avia-builder-el-first  content-align-top'  ><div class='flex_cell_inner'>\n<style type=\"text\/css\" data-created_by=\"avia_inline_auto\" id=\"style-css-av-d4rxip-758b923e476c8fb9656f3b5860d105f7\">\n.flex_column.av-d4rxip-758b923e476c8fb9656f3b5860d105f7{\nborder-radius:0px 0px 0px 0px;\npadding:0px 0px 0px 0px;\n}\n<\/style>\n<div  class='flex_column av-d4rxip-758b923e476c8fb9656f3b5860d105f7 av_one_full  avia-builder-el-12  avia-builder-el-no-sibling  first flex_column_div av-zero-column-padding  '     ><\/div>\n<\/div><\/div>\n<style type=\"text\/css\" data-created_by=\"avia_inline_auto\" id=\"style-css-av-94964x-86fc6a0cd609b0bf0bb4ec507039e6b0\">\n.flex_cell.av-94964x-86fc6a0cd609b0bf0bb4ec507039e6b0{\nvertical-align:top;\n}\n.responsive #top #wrap_all .flex_cell.av-94964x-86fc6a0cd609b0bf0bb4ec507039e6b0{\npadding:30px 30px 30px 30px !important;\n}\n<\/style>\n<div class='flex_cell av-94964x-86fc6a0cd609b0bf0bb4ec507039e6b0 av-gridrow-cell av_three_fifth no_margin  avia-builder-el-14  el_after_av_cell_two_fifth  avia-builder-el-last  content-align-top'  ><div class='flex_cell_inner'><p>\n<style type=\"text\/css\" data-created_by=\"avia_inline_auto\" id=\"style-css-av-ktiszly8-ddf3d43c5bd58d7393963550d17e11ad\">\n.flex_column.av-ktiszly8-ddf3d43c5bd58d7393963550d17e11ad{\nborder-radius:0px 0px 0px 0px;\npadding:0px 0px 0px 0px;\n}\n<\/style>\n<div  class='flex_column av-ktiszly8-ddf3d43c5bd58d7393963550d17e11ad av_one_full  avia-builder-el-15  el_before_av_heading  avia-builder-el-first  first flex_column_div av-zero-column-padding  '     ><section  class='av_textblock_section av-ktit321v-63997a34a0274a63519aa32cd36fe3ca '   itemscope=\"itemscope\" itemtype=\"https:\/\/schema.org\/CreativeWork\" ><div class='avia_textblock'  itemprop=\"text\" ><p>Bei diesem Projekt der Abteilung Strasse &amp; Projektrealisation werden den Sommer \u00fcber in \u00f6ffentlichen Parks gratis Liegest\u00fchle und Sonnenschirme zur Verf\u00fcgung gestellt. Diese REPER-Initiative hat folgende Ziele:<\/p>\n<ul>\n<li>geselliges Beisammensein und Austausch f\u00f6rdern und so das Zusammenleben st\u00e4rken<\/li>\n<li>Jugendlichen REPER-<a href=\"https:\/\/pmj-reper.ch\/de\/willkommen\/\" target=\"_blank\" rel=\"noopener\">Mini-Jobs <\/a>bieten<\/li>\n<li>f\u00fcr die Themen Littering und Abfalltrennung sensibilisieren<\/li>\n<\/ul>\n<\/div><\/section><\/div>\n<style type=\"text\/css\" data-created_by=\"avia_inline_auto\" id=\"style-css-av-ktit6laq-08bb004a5011716241c6c6050221890e\">\n#top .av-special-heading.av-ktit6laq-08bb004a5011716241c6c6050221890e{\npadding-bottom:10px;\n}\nbody .av-special-heading.av-ktit6laq-08bb004a5011716241c6c6050221890e .av-special-heading-tag .heading-char{\nfont-size:25px;\n}\n.av-special-heading.av-ktit6laq-08bb004a5011716241c6c6050221890e .av-subheading{\nfont-size:15px;\n}\n<\/style>\n<div  class='av-special-heading av-ktit6laq-08bb004a5011716241c6c6050221890e av-special-heading-h3 custom-color-heading blockquote modern-quote  avia-builder-el-17  el_after_av_one_full  el_before_av_tab_container '><div class='av-subheading av-subheading_above'><p>REPER<\/p>\n<\/div><h3 class='av-special-heading-tag '  itemprop=\"headline\"  >Strasse <span class='special_amp'>&amp;<\/span> Projektrealisation<\/h3><div class=\"special-heading-border\"><div class=\"special-heading-inner-border\"><\/div><\/div><\/div><br \/>\n<div  class='tabcontainer av-6w003i-11f2b33302c3306a596cda7f89580383 sidebar_tab sidebar_tab_left  avia-builder-el-18  el_after_av_heading  avia-builder-el-last  noborder_tabs'>\n<section class='av_tab_section av_tab_section av-5ff7ny-66cc436de5940a5954d1c2adef9fd962'  itemscope=\"itemscope\" itemtype=\"https:\/\/schema.org\/CreativeWork\" ><div id='tab-id-1-tab' class='tab active_tab' role='tab' aria-selected=\"true\" tabindex=\"0\" data-fake-id='#tab-id-1' aria-controls='tab-id-1-content'  itemprop=\"headline\" >Adresse<\/div><div id='tab-id-1-content' class='tab_content active_tab_content' role='tabpanel' aria-labelledby='tab-id-1-tab' aria-hidden=\"false\"><div class='tab_inner_content invers-color'  itemprop=\"text\" ><p><strong>REPER<\/strong><br \/>\nStrasse &amp; Projektrealisation<\/p>\n<p>Hans-Fries Strasse 11<br \/>\nCH-1700 Freiburg<\/p>\n<\/div><\/div><\/section>\n<section class='av_tab_section av_tab_section av-3n0bq6-3fcbbbccf39a6847a32f13f7998a6844'  itemscope=\"itemscope\" itemtype=\"https:\/\/schema.org\/CreativeWork\" ><div id='tab-id-2-tab' class='tab' role='tab' aria-selected=\"false\" tabindex=\"0\" data-fake-id='#tab-id-2' aria-controls='tab-id-2-content'  itemprop=\"headline\" >Kontakt<\/div><div id='tab-id-2-content' class='tab_content' role='tabpanel' aria-labelledby='tab-id-2-tab' aria-hidden=\"true\"><div class='tab_inner_content invers-color'  itemprop=\"text\" ><p><strong>Abteilungsleiter<\/strong><\/p>\n<p>Adrien Oesch<\/p>\n<p>T 078 897 24 70<\/p>\n<p><a href=\"mailto:adrien.oesch@reper-fr.ch\" target=\"_blank\" rel=\"noopener\">adrien.oesch@reper-fr.ch<\/a><\/p>\n<\/div><\/div><\/section>\n<section class='av_tab_section av_tab_section av-25lj1q-113b4bddab309e0a895ee454f7d06d51'  itemscope=\"itemscope\" itemtype=\"https:\/\/schema.org\/CreativeWork\" ><div id='tab-id-3-tab' class='tab' role='tab' aria-selected=\"false\" tabindex=\"0\" data-fake-id='#tab-id-3' aria-controls='tab-id-3-content'  itemprop=\"headline\" >\u00d6ffnungszeiten<\/div><div id='tab-id-3-content' class='tab_content' role='tabpanel' aria-labelledby='tab-id-3-tab' aria-hidden=\"true\"><div class='tab_inner_content invers-color'  itemprop=\"text\" ><p>T\u00e4glich ausser Freitag<\/p>\n<\/div><\/div><\/section>\n<\/div><\/p>\n<\/div><\/div><\/div>\n","protected":false},"excerpt":{"rendered":"","protected":false},"author":1,"featured_media":0,"parent":4890,"menu_order":0,"comment_status":"closed","ping_status":"closed","template":"","meta":{"_acf_changed":false,"footnotes":""},"class_list":["post-4894","page","type-page","status-publish","hentry"],"acf":[],"_links":{"self":[{"href":"https:\/\/www.reper-fr.ch\/de\/wp-json\/wp\/v2\/pages\/4894","targetHints":{"allow":["GET"]}}],"collection":[{"href":"https:\/\/www.reper-fr.ch\/de\/wp-json\/wp\/v2\/pages"}],"about":[{"href":"https:\/\/www.reper-fr.ch\/de\/wp-json\/wp\/v2\/types\/page"}],"author":[{"embeddable":true,"href":"https:\/\/www.reper-fr.ch\/de\/wp-json\/wp\/v2\/users\/1"}],"replies":[{"embeddable":true,"href":"https:\/\/www.reper-fr.ch\/de\/wp-json\/wp\/v2\/comments?post=4894"}],"version-history":[{"count":4,"href":"https:\/\/www.reper-fr.ch\/de\/wp-json\/wp\/v2\/pages\/4894\/revisions"}],"predecessor-version":[{"id":12057,"href":"https:\/\/www.reper-fr.ch\/de\/wp-json\/wp\/v2\/pages\/4894\/revisions\/12057"}],"up":[{"embeddable":true,"href":"https:\/\/www.reper-fr.ch\/de\/wp-json\/wp\/v2\/pages\/4890"}],"wp:attachment":[{"href":"https:\/\/www.reper-fr.ch\/de\/wp-json\/wp\/v2\/media?parent=4894"}],"curies":[{"name":"wp","href":"https:\/\/api.w.org\/{rel}","templated":true}]}}